{"id":53,"date":"2025-02-27T12:26:55","date_gmt":"2025-02-27T11:26:55","guid":{"rendered":"https:\/\/www.yonafogiel.be\/?page_id=53"},"modified":"2025-03-05T17:53:47","modified_gmt":"2025-03-05T16:53:47","slug":"la-demarche","status":"publish","type":"page","link":"https:\/\/www.yonafogiel.be\/index.php\/la-demarche\/","title":{"rendered":"La d\u00e9marche"},"content":{"rendered":"\n<p><strong>Une approche holistique pour harmoniser Corps, Esprit et \u00c2me<\/strong> <\/p>\n\n\n\n<p>Je vous propose un espace d\u00e9di\u00e9 \u00e0 la <strong>S\u00e9r\u00e9nit\u00e9<\/strong>, o\u00f9 vous pouvez vous reconnecter \u00e0 votre essence profonde et lib\u00e9rer ce qui freine votre \u00e9panouissement.<\/p>\n\n\n\n<p>Mon accompagnement repose sur une combinaison unique de pratiques :<\/p>\n\n\n\n<ul class=\"wp-block-list\">\n<li>Le corps, lib\u00e9r\u00e9 par le toucher bienveillant des massages<\/li>\n\n\n\n<li>Le souffle, harmonis\u00e9 par le yoga et la m\u00e9ditation, pour apaiser et recentrer<\/li>\n\n\n\n<li>Le mental, all\u00e9g\u00e9 par une parole libre et guid\u00e9e<\/li>\n<\/ul>\n\n\n\n<p>Chaque s\u00e9ance est une invitation \u00e0 :<\/p>\n\n\n\n<ul class=\"wp-block-list\">\n<li>Ressentir un profond l\u00e2cher-prise<\/li>\n\n\n\n<li>Prendre conscience de vos pens\u00e9es et sch\u00e9mas int\u00e9rieurs<\/li>\n<\/ul>\n\n\n\n<p>J\u2019ai \u00e0 c\u0153ur d\u2019accompagner les personnes d\u00e9sireuses de changer les \u00e9tats suivants qui affectent consid\u00e9rablement leur vie\u00a0:<\/p>\n\n\n\n<ul class=\"wp-block-list\">\n<li>Se sentir d\u00e9pass\u00e9.e &amp; \u00e9puis\u00e9.e<\/li>\n\n\n\n<li>Manque de temps pour soi<\/li>\n\n\n\n<li>Perte de sens<\/li>\n\n\n\n<li>Sentiment de mal-\u00eatre profond<\/li>\n\n\n\n<li>Agitation permanente du mental<\/li>\n\n\n\n<li>Manque de confiance en soi<\/li>\n\n\n\n<li>Sentiment d\u2019ins\u00e9curit\u00e9<\/li>\n<\/ul>\n","protected":false},"excerpt":{"rendered":"<p>Une approche holistique pour harmoniser Corps, Esprit et \u00c2me Je vous propose un espace d\u00e9di\u00e9 \u00e0 la S\u00e9r\u00e9nit\u00e9, o\u00f9 vous pouvez vous reconnecter \u00e0 votre essence profonde et lib\u00e9rer ce &hellip; <\/p>\n","protected":false},"author":1,"featured_media":0,"parent":0,"menu_order":0,"comment_status":"closed","ping_status":"closed","template":"","meta":{"footnotes":""},"class_list":["post-53","page","type-page","status-publish","hentry"],"yoast_head":"<!-- This site is optimized with the Yoast SEO plugin v24.5 - https:\/\/yoast.com\/wordpress\/plugins\/seo\/ -->\n<title>La d\u00e9marche -<\/title>\n<meta name=\"robots\" content=\"index, follow, max-snippet:-1, max-image-preview:large, max-video-preview:-1\" \/>\n<link rel=\"canonical\" href=\"https:\/\/www.yonafogiel.be\/index.php\/la-demarche\/\" \/>\n<meta property=\"og:locale\" content=\"en_US\" \/>\n<meta property=\"og:type\" content=\"article\" \/>\n<meta property=\"og:title\" content=\"La d\u00e9marche -\" \/>\n<meta property=\"og:description\" content=\"Une approche holistique pour harmoniser Corps, Esprit et \u00c2me Je vous propose un espace d\u00e9di\u00e9 \u00e0 la S\u00e9r\u00e9nit\u00e9, o\u00f9 vous pouvez vous reconnecter \u00e0 votre essence profonde et lib\u00e9rer ce &hellip;\" \/>\n<meta property=\"og:url\" content=\"https:\/\/www.yonafogiel.be\/index.php\/la-demarche\/\" \/>\n<meta property=\"article:modified_time\" content=\"2025-03-05T16:53:47+00:00\" \/>\n<meta name=\"twitter:card\" content=\"summary_large_image\" \/>\n<meta name=\"twitter:label1\" content=\"Est. reading time\" \/>\n\t<meta name=\"twitter:data1\" content=\"1 minute\" \/>\n<script type=\"application\/ld+json\" class=\"yoast-schema-graph\">{\"@context\":\"https:\/\/schema.org\",\"@graph\":[{\"@type\":\"WebPage\",\"@id\":\"https:\/\/www.yonafogiel.be\/index.php\/la-demarche\/\",\"url\":\"https:\/\/www.yonafogiel.be\/index.php\/la-demarche\/\",\"name\":\"La d\u00e9marche -\",\"isPartOf\":{\"@id\":\"http:\/\/www.yonafogiel.be\/#website\"},\"datePublished\":\"2025-02-27T11:26:55+00:00\",\"dateModified\":\"2025-03-05T16:53:47+00:00\",\"breadcrumb\":{\"@id\":\"https:\/\/www.yonafogiel.be\/index.php\/la-demarche\/#breadcrumb\"},\"inLanguage\":\"en-US\",\"potentialAction\":[{\"@type\":\"ReadAction\",\"target\":[\"https:\/\/www.yonafogiel.be\/index.php\/la-demarche\/\"]}]},{\"@type\":\"BreadcrumbList\",\"@id\":\"https:\/\/www.yonafogiel.be\/index.php\/la-demarche\/#breadcrumb\",\"itemListElement\":[{\"@type\":\"ListItem\",\"position\":1,\"name\":\"Accueil\",\"item\":\"http:\/\/www.yonafogiel.be\/\"},{\"@type\":\"ListItem\",\"position\":2,\"name\":\"La d\u00e9marche\"}]},{\"@type\":\"WebSite\",\"@id\":\"http:\/\/www.yonafogiel.be\/#website\",\"url\":\"http:\/\/www.yonafogiel.be\/\",\"name\":\"\",\"description\":\"\",\"potentialAction\":[{\"@type\":\"SearchAction\",\"target\":{\"@type\":\"EntryPoint\",\"urlTemplate\":\"http:\/\/www.yonafogiel.be\/?s={search_term_string}\"},\"query-input\":{\"@type\":\"PropertyValueSpecification\",\"valueRequired\":true,\"valueName\":\"search_term_string\"}}],\"inLanguage\":\"en-US\"}]}<\/script>\n<!-- \/ Yoast SEO plugin. -->","yoast_head_json":{"title":"La d\u00e9marche -","robots":{"index":"index","follow":"follow","max-snippet":"max-snippet:-1","max-image-preview":"max-image-preview:large","max-video-preview":"max-video-preview:-1"},"canonical":"https:\/\/www.yonafogiel.be\/index.php\/la-demarche\/","og_locale":"en_US","og_type":"article","og_title":"La d\u00e9marche -","og_description":"Une approche holistique pour harmoniser Corps, Esprit et \u00c2me Je vous propose un espace d\u00e9di\u00e9 \u00e0 la S\u00e9r\u00e9nit\u00e9, o\u00f9 vous pouvez vous reconnecter \u00e0 votre essence profonde et lib\u00e9rer ce &hellip;","og_url":"https:\/\/www.yonafogiel.be\/index.php\/la-demarche\/","article_modified_time":"2025-03-05T16:53:47+00:00","twitter_card":"summary_large_image","twitter_misc":{"Est. reading time":"1 minute"},"schema":{"@context":"https:\/\/schema.org","@graph":[{"@type":"WebPage","@id":"https:\/\/www.yonafogiel.be\/index.php\/la-demarche\/","url":"https:\/\/www.yonafogiel.be\/index.php\/la-demarche\/","name":"La d\u00e9marche -","isPartOf":{"@id":"http:\/\/www.yonafogiel.be\/#website"},"datePublished":"2025-02-27T11:26:55+00:00","dateModified":"2025-03-05T16:53:47+00:00","breadcrumb":{"@id":"https:\/\/www.yonafogiel.be\/index.php\/la-demarche\/#breadcrumb"},"inLanguage":"en-US","potentialAction":[{"@type":"ReadAction","target":["https:\/\/www.yonafogiel.be\/index.php\/la-demarche\/"]}]},{"@type":"BreadcrumbList","@id":"https:\/\/www.yonafogiel.be\/index.php\/la-demarche\/#breadcrumb","itemListElement":[{"@type":"ListItem","position":1,"name":"Accueil","item":"http:\/\/www.yonafogiel.be\/"},{"@type":"ListItem","position":2,"name":"La d\u00e9marche"}]},{"@type":"WebSite","@id":"http:\/\/www.yonafogiel.be\/#website","url":"http:\/\/www.yonafogiel.be\/","name":"","description":"","potentialAction":[{"@type":"SearchAction","target":{"@type":"EntryPoint","urlTemplate":"http:\/\/www.yonafogiel.be\/?s={search_term_string}"},"query-input":{"@type":"PropertyValueSpecification","valueRequired":true,"valueName":"search_term_string"}}],"inLanguage":"en-US"}]}},"_links":{"self":[{"href":"https:\/\/www.yonafogiel.be\/index.php\/wp-json\/wp\/v2\/pages\/53","targetHints":{"allow":["GET"]}}],"collection":[{"href":"https:\/\/www.yonafogiel.be\/index.php\/wp-json\/wp\/v2\/pages"}],"about":[{"href":"https:\/\/www.yonafogiel.be\/index.php\/wp-json\/wp\/v2\/types\/page"}],"author":[{"embeddable":true,"href":"https:\/\/www.yonafogiel.be\/index.php\/wp-json\/wp\/v2\/users\/1"}],"replies":[{"embeddable":true,"href":"https:\/\/www.yonafogiel.be\/index.php\/wp-json\/wp\/v2\/comments?post=53"}],"version-history":[{"count":3,"href":"https:\/\/www.yonafogiel.be\/index.php\/wp-json\/wp\/v2\/pages\/53\/revisions"}],"predecessor-version":[{"id":86,"href":"https:\/\/www.yonafogiel.be\/index.php\/wp-json\/wp\/v2\/pages\/53\/revisions\/86"}],"wp:attachment":[{"href":"https:\/\/www.yonafogiel.be\/index.php\/wp-json\/wp\/v2\/media?parent=53"}],"curies":[{"name":"wp","href":"https:\/\/api.w.org\/{rel}","templated":true}]}}